{"id":3522,"date":"2026-03-10T18:20:29","date_gmt":"2026-03-10T17:20:29","guid":{"rendered":"https:\/\/www.amal.lu\/?post_type=tribe_events&#038;p=3522"},"modified":"2026-03-20T14:59:12","modified_gmt":"2026-03-20T13:59:12","slug":"kul-tour","status":"publish","type":"tribe_events","link":"https:\/\/www.amal.lu\/fr\/event\/kul-tour\/","title":{"rendered":"Kul-Tour"},"content":{"rendered":"<p>Samschdes, den 30. Mee f\u00ebnnt d\u00ebst Joer er\u00ebm eisen Kul-Tour statt. W\u00e9i \u00ebmmer bleift d\u2019Destinatioun eng Iwwerraschung, mee ech kann Iech vers\u00e9cheren, datt och d\u00ebs Editioun eng eemoleg Visitt bereet h\u00e4lt, d\u00e9i et net ze verpasse g\u00ebllt. Op d\u00e4r Visitt g\u00ebtt och zesummen zu M\u00ebtteg giess. D\u00ebst Iessen g\u00ebtt NET vun der AMAL bezuelt a muss vun all Participant selwer iwwerholl ginn.<\/p>\n<p><strong>Wichteg: Fir d\u00ebs Editioun vum Kul-Tour muss ee sech onbed\u00e9ngt am Viraus umellen. Aus assurancetechnesche Gr\u00ebnn kann keen, deen net ugemellt ass, matgeholl ginn.<\/strong><\/p>\n<p>Umelle k\u00ebnnt Dir Iech bis den 23. Mee entweder op info@amal.lu oder beim Mike Koedinger um 691 509 288.<\/p>\n","protected":false},"excerpt":{"rendered":"<p>Samschdes, den 30. Mee f\u00ebnnt d\u00ebst Joer er\u00ebm eisen Kul-Tour statt. W\u00e9i \u00ebmmer bleift d\u2019Destinatioun eng Iwwerraschung, mee ech kann Iech vers\u00e9cheren, datt och d\u00ebs Editioun eng eemoleg Visitt bereet h\u00e4lt, d\u00e9i et net ze verpasse g\u00ebllt. Op d\u00e4r Visitt g\u00ebtt och zesummen zu M\u00ebtteg giess. D\u00ebst Iessen g\u00ebtt NET vun der AMAL bezuelt a muss vun all Participant selwer iwwerholl ginn. Wichteg: Fir d\u00ebs Editioun vum Kul-Tour muss ee sech onbed\u00e9ngt am Viraus umellen. Aus assurancetechnesche Gr\u00ebnn kann keen, deen net ugemellt ass, matgeholl ginn. Umelle k\u00ebnnt Dir Iech bis den 23. Mee entweder op info@amal.lu oder beim Mike [&hellip;]<\/p>\n","protected":false},"author":1,"featured_media":3495,"template":"","meta":{"advanced_seo_description":"","jetpack_seo_html_title":"","jetpack_seo_noindex":false,"_tribe_events_status":"","_tribe_events_status_reason":"","footnotes":""},"tags":[196,62,69],"tribe_events_cat":[33],"class_list":["post-3522","tribe_events","type-tribe_events","status-publish","has-post-thumbnail","hentry","tag-amal-tour","tag-kul-tour","tag-kultour","tribe_events_cat-evenementer","cat_evenementer"],"translation":{"provider":"WPGlobus","version":"3.0.1","language":"fr","enabled_languages":["lu","fr","en","de"],"languages":{"lu":{"title":true,"content":true,"excerpt":false},"fr":{"title":false,"content":false,"excerpt":false},"en":{"title":false,"content":false,"excerpt":false},"de":{"title":false,"content":false,"excerpt":false}}},"jetpack_sharing_enabled":true,"_links":{"self":[{"href":"https:\/\/www.amal.lu\/fr\/wp-json\/wp\/v2\/tribe_events\/3522","targetHints":{"allow":["GET"]}}],"collection":[{"href":"https:\/\/www.amal.lu\/fr\/wp-json\/wp\/v2\/tribe_events"}],"about":[{"href":"https:\/\/www.amal.lu\/fr\/wp-json\/wp\/v2\/types\/tribe_events"}],"author":[{"embeddable":true,"href":"https:\/\/www.amal.lu\/fr\/wp-json\/wp\/v2\/users\/1"}],"version-history":[{"count":3,"href":"https:\/\/www.amal.lu\/fr\/wp-json\/wp\/v2\/tribe_events\/3522\/revisions"}],"predecessor-version":[{"id":3545,"href":"https:\/\/www.amal.lu\/fr\/wp-json\/wp\/v2\/tribe_events\/3522\/revisions\/3545"}],"wp:featuredmedia":[{"embeddable":true,"href":"https:\/\/www.amal.lu\/fr\/wp-json\/wp\/v2\/media\/3495"}],"wp:attachment":[{"href":"https:\/\/www.amal.lu\/fr\/wp-json\/wp\/v2\/media?parent=3522"}],"wp:term":[{"taxonomy":"post_tag","embeddable":true,"href":"https:\/\/www.amal.lu\/fr\/wp-json\/wp\/v2\/tags?post=3522"},{"taxonomy":"tribe_events_cat","embeddable":true,"href":"https:\/\/www.amal.lu\/fr\/wp-json\/wp\/v2\/tribe_events_cat?post=3522"}],"curies":[{"name":"wp","href":"https:\/\/api.w.org\/{rel}","templated":true}]}}